{"id":221,"date":"2024-01-04T12:35:04","date_gmt":"2024-01-04T11:35:04","guid":{"rendered":"https:\/\/www.hispacomic.eu\/programa\/"},"modified":"2024-03-10T13:39:03","modified_gmt":"2024-03-10T12:39:03","slug":"programa","status":"publish","type":"page","link":"https:\/\/www.hispacomic.eu\/pt-pt\/programa\/","title":{"rendered":"Programa"},"content":{"rendered":"\r\n<div class=\"wp-block-columns alignwide are-vertically-aligned-top is-layout-flex wp-container-core-columns-is-layout-7387b849 wp-block-columns-is-layout-flex\">\r\n<div class=\"wp-block-column is-vertically-aligned-top is-layout-flow wp-block-column-is-layout-flow\" style=\"flex-basis:100%\">\r\n<p class=\"wp-block-paragraph\"><\/p>\r\n\r\n\r\n\r\n<div class=\"wp-block-uagb-container uagb-block-5057be01 alignfull uagb-is-root-container\"><div class=\"uagb-container-inner-blocks-wrap\">\r\n<div class=\"wp-block-uagb-container uagb-block-c344eaa1\">\r\n<p class=\"has-text-align-center has-black-color has-text-color has-link-color has-medium-font-size wp-elements-3ec0ec534b99e9efced6bdd0ec8d53af wp-block-paragraph\" style=\"margin-top:var(--wp--preset--spacing--50);margin-right:0;margin-bottom:var(--wp--preset--spacing--50);margin-left:0\"><strong>QUINTA-FEIRA, 14 DE MAR\u00c7O<\/strong><\/p>\r\n\r\n\r\n\r\n<p class=\"has-ast-global-color-8-color has-text-color has-link-color wp-elements-b32cd832acbe0dab257b0d97ed35987b wp-block-paragraph\" style=\"margin-top:var(--wp--preset--spacing--20);margin-right:var(--wp--preset--spacing--20);margin-bottom:var(--wp--preset--spacing--20);margin-left:var(--wp--preset--spacing--20);padding-top:var(--wp--preset--spacing--20);padding-right:var(--wp--preset--spacing--20);padding-bottom:var(--wp--preset--spacing--20);padding-left:var(--wp--preset--spacing--20)\"><strong>17:00<\/strong> Inauguraci\u00f3n de Hipac\u00f3mic 2024 (Auditorio) com <strong>Paco Roca<\/strong>, <strong>Rodrigo Terrasa<\/strong> e <strong>Anna Penya<\/strong><\/p>\r\n\r\n\r\n\r\n<p class=\"has-ast-global-color-8-color has-text-color has-link-color wp-elements-0f1df7937a4e619921fcb454e6472a9f wp-block-paragraph\" style=\"margin-top:var(--wp--preset--spacing--20);margin-right:var(--wp--preset--spacing--20);margin-bottom:var(--wp--preset--spacing--20);margin-left:var(--wp--preset--spacing--20);padding-top:var(--wp--preset--spacing--20);padding-right:var(--wp--preset--spacing--20);padding-bottom:var(--wp--preset--spacing--20);padding-left:var(--wp--preset--spacing--20)\"><strong>18:00<\/strong> Mesa <em>C\u00f3mic hist\u00f3rico<\/em> com <strong>V\u00edctor Barba<\/strong>, <strong>Meik<\/strong> e <strong>Rafael Jim\u00e9nez<\/strong> (Sala EP2)<\/p>\r\n\r\n\r\n\r\n<p class=\"has-ast-global-color-8-color has-text-color has-link-color wp-elements-4481e77f383de20efa716f696048fa5d wp-block-paragraph\" style=\"margin-top:var(--wp--preset--spacing--20);margin-right:var(--wp--preset--spacing--20);margin-bottom:var(--wp--preset--spacing--20);margin-left:var(--wp--preset--spacing--20);padding-top:var(--wp--preset--spacing--20);padding-right:var(--wp--preset--spacing--20);padding-bottom:var(--wp--preset--spacing--20);padding-left:var(--wp--preset--spacing--20)\"><strong>19:00 <\/strong>Entrevista de <strong>Mariela Gonz\u00e1lez<\/strong> a <strong>Mar\u00eda Medem<\/strong> e <strong>Anapurna<\/strong> (Sala EP2)<\/p>\r\n\r\n\r\n\r\n<p class=\"has-ast-global-color-8-color has-text-color has-link-color wp-elements-efea664f52b1f6bdd2e554b0b8f87457 wp-block-paragraph\" style=\"margin-top:var(--wp--preset--spacing--20);margin-right:var(--wp--preset--spacing--20);margin-bottom:var(--wp--preset--spacing--20);margin-left:var(--wp--preset--spacing--20);padding-top:var(--wp--preset--spacing--20);padding-right:var(--wp--preset--spacing--20);padding-bottom:var(--wp--preset--spacing--20);padding-left:var(--wp--preset--spacing--20)\"><strong>20:00<\/strong> Mesa <em>Narrativa social e pol\u00edtica en el c\u00f3mic<\/em> com <strong>Horacio Altuna<\/strong>, <strong>Anna Penya<\/strong> e <strong>Marcello Quintanilha<\/strong>. Moderada por <strong>Pedro Rivera<\/strong> (Sala EP2)<\/p>\r\n\r\n\r\n\r\n<div class=\"wp-block-columns is-layout-flex wp-container-core-columns-is-layout-7387b849 wp-block-columns-is-layout-flex\">\r\n<div class=\"wp-block-column is-layout-flow wp-block-column-is-layout-flow\">\r\n<p class=\"has-text-align-center has-black-color has-text-color has-medium-font-size wp-block-paragraph\" style=\"margin-top:var(--wp--preset--spacing--50);margin-right:0;margin-bottom:var(--wp--preset--spacing--50);margin-left:0\"><strong>SEXTA-FEIRA, 15 DE MAR\u00c7O<\/strong><\/p>\r\n\r\n\r\n\r\n<p class=\"has-ast-global-color-8-color has-text-color has-link-color wp-elements-1fe9627328b01f8fa167ccf2fcf35478 wp-block-paragraph\" style=\"margin-top:var(--wp--preset--spacing--20);margin-right:var(--wp--preset--spacing--20);margin-bottom:var(--wp--preset--spacing--20);margin-left:var(--wp--preset--spacing--20);padding-top:var(--wp--preset--spacing--20);padding-right:var(--wp--preset--spacing--20);padding-bottom:var(--wp--preset--spacing--20);padding-left:var(--wp--preset--spacing--20)\"><strong>11:00<\/strong> Apresenta\u00e7\u00e3o de <a href=\"https:\/\/www.plenainclusion.org\/noticias\/inclusion-man-un-superheroe-que-lucha-por-la-inclusion-de-las-personas-con-discapacidad\/\" target=\"_blank\" rel=\"noopener\"><em>Inclusi\u00f3n man<\/em><\/a> com <strong>Alex de la Fuente<\/strong> (Sala EP2)<\/p>\r\n\r\n\r\n\r\n<p class=\"has-ast-global-color-8-color has-text-color has-link-color wp-elements-8ca2e4102cba53ebc5181991c21dbaae wp-block-paragraph\" style=\"margin-top:var(--wp--preset--spacing--20);margin-right:var(--wp--preset--spacing--20);margin-bottom:var(--wp--preset--spacing--20);margin-left:var(--wp--preset--spacing--20);padding-top:var(--wp--preset--spacing--20);padding-right:var(--wp--preset--spacing--20);padding-bottom:var(--wp--preset--spacing--20);padding-left:var(--wp--preset--spacing--20)\"><strong>11:45<\/strong> Mesa <em>Sandman e la filosof\u00eda<\/em> con<strong> Ana Rosa G\u00f3mez Rosal<\/strong>, autora de <em>Metasandman<\/em> e <strong>Pedro Moura<\/strong>, tradutor de <em>Sandman<\/em> al portugu\u00e9s (Sala EP2)<\/p>\r\n\r\n\r\n\r\n<p class=\"has-ast-global-color-8-color has-text-color has-link-color wp-elements-ddd0d12b427ce1e2abaa77e6b131d32e wp-block-paragraph\" style=\"margin-top:var(--wp--preset--spacing--20);margin-right:var(--wp--preset--spacing--20);margin-bottom:var(--wp--preset--spacing--20);margin-left:var(--wp--preset--spacing--20);padding-top:var(--wp--preset--spacing--20);padding-right:var(--wp--preset--spacing--20);padding-bottom:var(--wp--preset--spacing--20);padding-left:var(--wp--preset--spacing--20)\"><strong>12:45 <\/strong>Apresenta\u00e7\u00e3o<em> Escucha, hermosa Marcia<\/em> com su autor <strong>Marcello Quintanilha<\/strong>  e <strong>Maite Arag\u00f3n Navas<\/strong> (Sala EP2)<\/p>\r\n\r\n\r\n\r\n<p class=\"has-ast-global-color-8-color has-text-color has-link-color wp-elements-4e78b949c981d32740d269d78d59f437 wp-block-paragraph\" style=\"margin-top:var(--wp--preset--spacing--20);margin-right:var(--wp--preset--spacing--20);margin-bottom:var(--wp--preset--spacing--20);margin-left:var(--wp--preset--spacing--20);padding-top:var(--wp--preset--spacing--20);padding-right:var(--wp--preset--spacing--20);padding-bottom:var(--wp--preset--spacing--20);padding-left:var(--wp--preset--spacing--20)\"><strong>13:30<\/strong> Confer\u00eancia <em>El uso did\u00e1ctico del c\u00f3mic<\/em> com <strong>\u00c1lvaro Pons<\/strong> e <strong>Paco Cerrej\u00f3n<\/strong> (Sala EP2)<\/p>\r\n\r\n\r\n\r\n<p class=\"has-ast-global-color-8-color has-text-color has-link-color wp-elements-d6c3e3108313840c87b67a4962a9163d wp-block-paragraph\" style=\"margin-top:var(--wp--preset--spacing--20);margin-right:var(--wp--preset--spacing--20);margin-bottom:var(--wp--preset--spacing--20);margin-left:var(--wp--preset--spacing--20);padding-top:var(--wp--preset--spacing--20);padding-right:var(--wp--preset--spacing--20);padding-bottom:var(--wp--preset--spacing--20);padding-left:var(--wp--preset--spacing--20)\"><strong>16:30<\/strong> Apresenta\u00e7\u00e3o <em>Soy Leyenda<\/em> com su autor<strong> Sergio Hern\u00e1ndez<\/strong> e <strong>Ricardo Jon\u00e1s Gonz\u00e1lez<\/strong> (Sala EP2)<\/p>\r\n\r\n\r\n\r\n<p class=\"has-ast-global-color-8-color has-text-color has-link-color wp-elements-69e713d1c7e5e355ae31d894b8e8e385 wp-block-paragraph\" style=\"margin-top:var(--wp--preset--spacing--20);margin-right:var(--wp--preset--spacing--20);margin-bottom:var(--wp--preset--spacing--20);margin-left:var(--wp--preset--spacing--20);padding-top:var(--wp--preset--spacing--20);padding-right:var(--wp--preset--spacing--20);padding-bottom:var(--wp--preset--spacing--20);padding-left:var(--wp--preset--spacing--20)\"><strong>17:15<\/strong> Mesa <em>El c\u00f3mic en Servilla<\/em> con<strong> Fran Gal\u00e1n<\/strong>,<strong> Sarah com Hache <\/strong>y <strong>JOS<\/strong> (Sala EP2)<\/p>\r\n\r\n\r\n\r\n<p class=\"has-ast-global-color-8-color has-text-color has-link-color wp-elements-67327f57ea09e65c4d62487f0e77e986 wp-block-paragraph\" style=\"margin-top:var(--wp--preset--spacing--20);margin-right:var(--wp--preset--spacing--20);margin-bottom:var(--wp--preset--spacing--20);margin-left:var(--wp--preset--spacing--20);padding-top:var(--wp--preset--spacing--20);padding-right:var(--wp--preset--spacing--20);padding-bottom:var(--wp--preset--spacing--20);padding-left:var(--wp--preset--spacing--20)\"><strong>18:00<\/strong> Apresenta\u00e7\u00e3o<em> \u00bfA d\u00f3nde vas Labordeta? <\/em>com <strong>Azagra<\/strong>,<strong> Encarna S\u00e1nchez<\/strong> e <strong>Daniel Vi\u00f1uales<\/strong>, autores de la <em>trilog\u00eda Labordeta<\/em> (Sala EP2)<\/p>\r\n\r\n\r\n\r\n<p class=\"has-ast-global-color-8-color has-text-color has-link-color wp-elements-9307b5ea5d002b2f0b9ce76d94058bec wp-block-paragraph\" style=\"margin-top:var(--wp--preset--spacing--20);margin-right:var(--wp--preset--spacing--20);margin-bottom:var(--wp--preset--spacing--20);margin-left:var(--wp--preset--spacing--20);padding-top:var(--wp--preset--spacing--20);padding-right:var(--wp--preset--spacing--20);padding-bottom:var(--wp--preset--spacing--20);padding-left:var(--wp--preset--spacing--20)\"><strong>19:00<\/strong> Apresenta\u00e7\u00e3o de<em>\u00a0La tabla peri\u00f3dica<\/em> con\u00a0sus autora <strong>Raquel Gu<\/strong>\u00a0y <strong>Adela Mu\u00f1oz<\/strong> (Sala EP2)<\/p>\r\n\r\n\r\n\r\n<p class=\"has-ast-global-color-8-color has-text-color has-link-color wp-elements-aab6d9c8585f9093b17d8b43c8dec325 wp-block-paragraph\" style=\"margin-top:var(--wp--preset--spacing--20);margin-right:var(--wp--preset--spacing--20);margin-bottom:var(--wp--preset--spacing--20);margin-left:var(--wp--preset--spacing--20);padding-top:var(--wp--preset--spacing--20);padding-right:var(--wp--preset--spacing--20);padding-bottom:var(--wp--preset--spacing--20);padding-left:var(--wp--preset--spacing--20)\"><strong>20:00<\/strong> Mesa<em> Editar comics en lenguas cooficiales<\/em> com <strong>Oriol Malet<\/strong> (Comanegra), <strong>Javier Zalbidegoitia<\/strong> (Astiberri) e <strong>Daniel Vi\u00f1uales<\/strong> (GP Ediciones) (Sala EP2)<\/p>\r\n<\/div>\r\n<\/div>\r\n<\/div>\r\n\r\n\r\n\r\n<div class=\"wp-block-uagb-container uagb-block-e3b23033\">\r\n<div class=\"wp-block-uagb-container uagb-block-04814fb1\">\r\n<p class=\"has-text-align-center has-black-color has-text-color has-medium-font-size wp-block-paragraph\" style=\"margin-top:var(--wp--preset--spacing--50);margin-right:0;margin-bottom:var(--wp--preset--spacing--50);margin-left:0\"><strong>S\u00c1BADO, 16 DE MAR\u00c7O<\/strong><\/p>\r\n\r\n\r\n\r\n<p class=\"has-ast-global-color-8-color has-text-color has-link-color wp-elements-668dfcbb6d09916971d47203b364dc1c wp-block-paragraph\" style=\"margin-top:var(--wp--preset--spacing--20);margin-right:var(--wp--preset--spacing--20);margin-bottom:var(--wp--preset--spacing--20);margin-left:var(--wp--preset--spacing--20);padding-top:var(--wp--preset--spacing--20);padding-right:var(--wp--preset--spacing--20);padding-bottom:var(--wp--preset--spacing--20);padding-left:var(--wp--preset--spacing--20)\"><strong>11:00<\/strong> Apresenta\u00e7\u00e3o de <em>Sombras de Colores<\/em> com su autor <strong>Oriol Malet<\/strong> e <strong>M\u00f3nica Salido<\/strong> (Auditorio)<\/p>\r\n\r\n\r\n\r\n<p class=\"has-ast-global-color-8-color has-text-color has-link-color wp-elements-151c8f178dd058d81a64c89c81c0470d wp-block-paragraph\" style=\"margin-top:var(--wp--preset--spacing--20);margin-right:var(--wp--preset--spacing--20);margin-bottom:var(--wp--preset--spacing--20);margin-left:var(--wp--preset--spacing--20);padding-top:var(--wp--preset--spacing--20);padding-right:var(--wp--preset--spacing--20);padding-bottom:var(--wp--preset--spacing--20);padding-left:var(--wp--preset--spacing--20)\"><strong>11:45<\/strong> Entrevista de <strong>Ana Rosa G\u00f3mez Rosal <\/strong>a <strong>Filipe Melo<\/strong> (Auditorio)<\/p>\r\n\r\n\r\n\r\n<p class=\"has-ast-global-color-8-color has-text-color has-link-color wp-elements-52437dd653ef889d13e57ae1363a9c94 wp-block-paragraph\" style=\"margin-top:var(--wp--preset--spacing--20);margin-right:var(--wp--preset--spacing--20);margin-bottom:var(--wp--preset--spacing--20);margin-left:var(--wp--preset--spacing--20);padding-top:var(--wp--preset--spacing--20);padding-right:var(--wp--preset--spacing--20);padding-bottom:var(--wp--preset--spacing--20);padding-left:var(--wp--preset--spacing--20)\"><strong>12:45<\/strong> Mesa<em> El c\u00f3mic en Portugal <\/em>com <strong>Pedro Moura<\/strong>, <strong>Nuno Pereira de Sousa<\/strong>, editor web <a href=\"https:\/\/bandasdesenhadas.com\" data-type=\"link\" data-id=\"https:\/\/bandasdesenhadas.com\" target=\"_blank\" rel=\"noopener\">Bandas Desenhadas<\/a> e <strong>Paco Cerrej\u00f3n<\/strong> (Auditorio)<\/p>\r\n\r\n\r\n\r\n<p class=\"has-ast-global-color-8-color has-text-color has-link-color wp-elements-f2db3ea1a87267223f8e8ea08f42129c wp-block-paragraph\" style=\"margin-top:var(--wp--preset--spacing--20);margin-right:var(--wp--preset--spacing--20);margin-bottom:var(--wp--preset--spacing--20);margin-left:var(--wp--preset--spacing--20);padding-top:var(--wp--preset--spacing--20);padding-right:var(--wp--preset--spacing--20);padding-bottom:var(--wp--preset--spacing--20);padding-left:var(--wp--preset--spacing--20)\"><strong>13:00<\/strong> <em>Partida de Jerigonza<\/em> com <strong>Ricardo Jon\u00e1s<\/strong> (Aula Taller)<\/p>\r\n\r\n\r\n\r\n<p class=\"has-ast-global-color-8-color has-text-color has-link-color wp-elements-e44a1f0c5cbfd82f41626904c751a7e3 wp-block-paragraph\" style=\"margin-top:var(--wp--preset--spacing--20);margin-right:var(--wp--preset--spacing--20);margin-bottom:var(--wp--preset--spacing--20);margin-left:var(--wp--preset--spacing--20);padding-top:var(--wp--preset--spacing--20);padding-right:var(--wp--preset--spacing--20);padding-bottom:var(--wp--preset--spacing--20);padding-left:var(--wp--preset--spacing--20)\"><strong>13:45<\/strong> Mesa com <strong>Enrique Vegas<\/strong> e <strong>Isaac S\u00e1nchez<\/strong> (Auditorio)<\/p>\r\n\r\n\r\n\r\n<p class=\"has-ast-global-color-8-color has-text-color has-link-color wp-elements-8e5d7178500eae85fbd60d08ca6610fb wp-block-paragraph\" style=\"margin-top:var(--wp--preset--spacing--20);margin-right:var(--wp--preset--spacing--20);margin-bottom:var(--wp--preset--spacing--20);margin-left:var(--wp--preset--spacing--20);padding-top:var(--wp--preset--spacing--20);padding-right:var(--wp--preset--spacing--20);padding-bottom:var(--wp--preset--spacing--20);padding-left:var(--wp--preset--spacing--20)\"><strong>17:00<\/strong> Apresenta\u00e7\u00e3o de <em>File number<\/em> com su autor <strong>Frankman Rom\u00e1n<\/strong> (Auditorio)<\/p>\r\n\r\n\r\n\r\n<p class=\"has-ast-global-color-8-color has-text-color has-link-color wp-elements-309eec288f4c6090f3a8f95637f09458 wp-block-paragraph\" style=\"margin-top:var(--wp--preset--spacing--20);margin-right:var(--wp--preset--spacing--20);margin-bottom:var(--wp--preset--spacing--20);margin-left:var(--wp--preset--spacing--20);padding-top:var(--wp--preset--spacing--20);padding-right:var(--wp--preset--spacing--20);padding-bottom:var(--wp--preset--spacing--20);padding-left:var(--wp--preset--spacing--20)\"><strong>18:00<\/strong>  conversa\u00e7\u00e3o entre <strong>Horacio Altuna <\/strong>y<strong>\u00a0Jes\u00fas Carrasco<\/strong> (Auditorio)<\/p>\r\n\r\n\r\n\r\n<p class=\"has-ast-global-color-8-color has-text-color has-link-color wp-elements-9791152ff579d56d6ff069b2872afef0 wp-block-paragraph\" style=\"margin-top:var(--wp--preset--spacing--20);margin-right:var(--wp--preset--spacing--20);margin-bottom:var(--wp--preset--spacing--20);margin-left:var(--wp--preset--spacing--20);padding-top:var(--wp--preset--spacing--20);padding-right:var(--wp--preset--spacing--20);padding-bottom:var(--wp--preset--spacing--20);padding-left:var(--wp--preset--spacing--20)\"><strong>19:00<\/strong> Apresenta\u00e7\u00e3o de\u00a0<em>Ronson<\/em>\u00a0com su autor\u00a0<strong>C\u00e9sar Sebasti\u00e1n<\/strong>\u00a0e\u00a0<strong>Iv\u00e1n Galiano<\/strong>\u00a0(Auditorio)<\/p>\r\n\r\n\r\n\r\n<p class=\"has-ast-global-color-8-color has-text-color has-link-color wp-elements-994942a0b66c81098293b2bd8e3dc895 wp-block-paragraph\" style=\"margin-top:var(--wp--preset--spacing--20);margin-right:var(--wp--preset--spacing--20);margin-bottom:var(--wp--preset--spacing--20);margin-left:var(--wp--preset--spacing--20);padding-top:var(--wp--preset--spacing--20);padding-right:var(--wp--preset--spacing--20);padding-bottom:var(--wp--preset--spacing--20);padding-left:var(--wp--preset--spacing--20)\"><strong>19:30<\/strong> <em>Partida de Jerigonza<\/em> com <strong>Ricardo Jon\u00e1s<\/strong> (Aula Taller)<\/p>\r\n\r\n\r\n\r\n<p class=\"has-ast-global-color-8-color has-text-color has-link-color wp-elements-46db49ef86576215627e65b57d965ae1 wp-block-paragraph\" style=\"margin-top:var(--wp--preset--spacing--20);margin-right:var(--wp--preset--spacing--20);margin-bottom:var(--wp--preset--spacing--20);margin-left:var(--wp--preset--spacing--20);padding-top:var(--wp--preset--spacing--20);padding-right:var(--wp--preset--spacing--20);padding-bottom:var(--wp--preset--spacing--20);padding-left:var(--wp--preset--spacing--20)\"><strong>20:00<\/strong> Mesa <em>C\u00f3mic e divulgaci\u00f3n cient\u00edfica<\/em> com <strong>Raquel Gu<\/strong>, <strong>Clara Grima<\/strong> y<strong> Quique Royuela<\/strong>. Moderada por <strong>\u00c1ngel L. Fern\u00e1ndez <\/strong>(Auditorio). <\/p>\r\n\r\n\r\n\r\n<div class=\"wp-block-columns is-layout-flex wp-container-core-columns-is-layout-7387b849 wp-block-columns-is-layout-flex\">\r\n<div class=\"wp-block-column is-layout-flow wp-block-column-is-layout-flow\">\r\n<p class=\"has-text-align-center has-black-color has-text-color has-medium-font-size wp-block-paragraph\" style=\"margin-top:var(--wp--preset--spacing--50);margin-right:0;margin-bottom:var(--wp--preset--spacing--50);margin-left:0\"><strong>DOMINGO, 17 DE MAR\u00c7O<\/strong><\/p>\r\n\r\n\r\n\r\n<p class=\"has-ast-global-color-8-color has-text-color has-link-color wp-elements-0d62cba36516489894e1992aa6837ba3 wp-block-paragraph\" style=\"margin-top:var(--wp--preset--spacing--20);margin-right:var(--wp--preset--spacing--20);margin-bottom:var(--wp--preset--spacing--20);margin-left:var(--wp--preset--spacing--20);padding-top:var(--wp--preset--spacing--20);padding-right:var(--wp--preset--spacing--20);padding-bottom:var(--wp--preset--spacing--20);padding-left:var(--wp--preset--spacing--20)\"><strong>11:00<\/strong> Apresenta\u00e7\u00e3o de <em>El cielo en la cabeza<\/em> com <strong>Sergio Garc\u00eda<\/strong> (Auditorio)<\/p>\r\n\r\n\r\n\r\n<p class=\"has-ast-global-color-8-color has-text-color has-link-color wp-elements-52ebd7d4d024e21098068c10175c9f96 wp-block-paragraph\" style=\"margin-top:var(--wp--preset--spacing--20);margin-right:var(--wp--preset--spacing--20);margin-bottom:var(--wp--preset--spacing--20);margin-left:var(--wp--preset--spacing--20);padding-top:var(--wp--preset--spacing--20);padding-right:var(--wp--preset--spacing--20);padding-bottom:var(--wp--preset--spacing--20);padding-left:var(--wp--preset--spacing--20)\"><strong>11:45<\/strong> Apresenta\u00e7\u00e3o de <em>Viaje a la luna<\/em> com <strong>Andrea del Zapatero<\/strong> e sus autores <strong>Fran Nu\u00f1o<\/strong> e <strong>Enrique Quevedo<\/strong> (Auditorio)<\/p>\r\n\r\n\r\n\r\n<p class=\"has-ast-global-color-8-color has-text-color has-link-color wp-elements-eadc0c4042d940f2f3d8392e27ecd6a8 wp-block-paragraph\" style=\"margin-top:var(--wp--preset--spacing--20);margin-right:var(--wp--preset--spacing--20);margin-bottom:var(--wp--preset--spacing--20);margin-left:var(--wp--preset--spacing--20);padding-top:var(--wp--preset--spacing--20);padding-right:var(--wp--preset--spacing--20);padding-bottom:var(--wp--preset--spacing--20);padding-left:var(--wp--preset--spacing--20)\"><strong>12:30<\/strong> Apresenta\u00e7\u00e3o de la plataforma <em>Tiesto roto<\/em> com <strong>Ester Salguero <\/strong>y<strong> Ernesto Lovera<\/strong> (Auditorio)<\/p>\r\n\r\n\r\n\r\n<p class=\"has-ast-global-color-8-color has-text-color has-link-color wp-elements-2d1323c432cd0991ede166e69f750531 wp-block-paragraph\" style=\"margin-top:var(--wp--preset--spacing--20);margin-right:var(--wp--preset--spacing--20);margin-bottom:var(--wp--preset--spacing--20);margin-left:var(--wp--preset--spacing--20);padding-top:var(--wp--preset--spacing--20);padding-right:var(--wp--preset--spacing--20);padding-bottom:var(--wp--preset--spacing--20);padding-left:var(--wp--preset--spacing--20)\"><strong>13:15<\/strong> Apresenta\u00e7\u00e3o de los <strong>VI Premios ACDC\u00f3mic <\/strong>(Auditorio)<\/p>\r\n<\/div>\r\n<\/div>\r\n<\/div>\r\n<\/div>\r\n\r\n\r\n\r\n<div class=\"wp-block-uagb-container uagb-block-cd183e84\">\r\n<div class=\"wp-block-uagb-container uagb-block-19c7bec7\">\r\n<p class=\"has-text-align-center has-vivid-red-color has-text-color has-link-color has-medium-font-size wp-elements-52edfc353291f785b4673f25ee4c297e wp-block-paragraph\"><strong>Encuentro Tebeosfera 2024 \r\n\u00c9xodo en vi\u00f1etas<\/strong><\/p>\r\n\r\n\r\n\r\n<p class=\"has-text-align-center has-black-color has-text-color has-medium-font-size wp-block-paragraph\" style=\"margin-top:var(--wp--preset--spacing--50);margin-right:0;margin-bottom:var(--wp--preset--spacing--50);margin-left:0\"><strong>S\u00c1BADO, 16 DE MAR\u00c7O<\/strong><\/p>\r\n\r\n\r\n\r\n<p class=\"has-ast-global-color-8-color has-text-color has-link-color wp-elements-ab24a757c1a35c537fd57e66706aebbb wp-block-paragraph\" style=\"margin-top:var(--wp--preset--spacing--20);margin-right:var(--wp--preset--spacing--20);margin-bottom:var(--wp--preset--spacing--20);margin-left:var(--wp--preset--spacing--20);padding-top:var(--wp--preset--spacing--20);padding-right:var(--wp--preset--spacing--20);padding-bottom:var(--wp--preset--spacing--20);padding-left:var(--wp--preset--spacing--20)\"><strong>11:00<\/strong> <em>Introducci\u00f3n e presentaci\u00f3n de novedades de ACyT<\/em>, por <strong>Manuel Barrero<\/strong> e <strong>F\u00e9lix L\u00f3pez<\/strong> (Sala EP2)<\/p>\r\n\r\n\r\n\r\n<p class=\"has-ast-global-color-8-color has-text-color has-link-color wp-elements-1779ebfb58c7bd55595b1b77c972b801 wp-block-paragraph\" style=\"margin-top:var(--wp--preset--spacing--20);margin-right:var(--wp--preset--spacing--20);margin-bottom:var(--wp--preset--spacing--20);margin-left:var(--wp--preset--spacing--20);padding-top:var(--wp--preset--spacing--20);padding-right:var(--wp--preset--spacing--20);padding-bottom:var(--wp--preset--spacing--20);padding-left:var(--wp--preset--spacing--20)\"><strong>11:30<\/strong> Confer\u00eancia <em>Historietistas espa\u00f1oles emigrados a Francia durante el franquismo<\/em>, por <strong>Jes\u00fas Lacasa<\/strong> (Sala EP2)<\/p>\r\n\r\n\r\n\r\n<p class=\"has-ast-global-color-8-color has-text-color has-link-color wp-elements-8e0241c8effaa9d30cde583d5cc03ddd wp-block-paragraph\" style=\"margin-top:var(--wp--preset--spacing--20);margin-right:var(--wp--preset--spacing--20);margin-bottom:var(--wp--preset--spacing--20);margin-left:var(--wp--preset--spacing--20);padding-top:var(--wp--preset--spacing--20);padding-right:var(--wp--preset--spacing--20);padding-bottom:var(--wp--preset--spacing--20);padding-left:var(--wp--preset--spacing--20)\"><strong>12:30<\/strong>\u2002Confer\u00eancia <em>Las agencias espa\u00f1olas de historietas<\/em>, por <strong>Carlos De Gregorio<\/strong> (Sala EP2)<\/p>\r\n\r\n\r\n\r\n<p class=\"has-ast-global-color-8-color has-text-color has-link-color wp-elements-c3043132af26dcb3afd98be9d526751f wp-block-paragraph\" style=\"margin-top:var(--wp--preset--spacing--20);margin-right:var(--wp--preset--spacing--20);margin-bottom:var(--wp--preset--spacing--20);margin-left:var(--wp--preset--spacing--20);padding-top:var(--wp--preset--spacing--20);padding-right:var(--wp--preset--spacing--20);padding-bottom:var(--wp--preset--spacing--20);padding-left:var(--wp--preset--spacing--20)\"><strong>13:30<\/strong><em> Apresenta\u00e7\u00e3o de Autores de c\u00f3mic: Jos\u00e9 Luis Munuera<\/em>, por <strong>Pablo Portillo<\/strong> y<strong> Javier Alc\u00e1zar <\/strong>(Isla de Nabumbu) (Sala EP2)<\/p>\r\n\r\n\r\n\r\n<p class=\"has-ast-global-color-8-color has-text-color has-link-color wp-elements-1240f9bc2998adcd77456938e0718243 wp-block-paragraph\" style=\"margin-top:var(--wp--preset--spacing--20);margin-right:var(--wp--preset--spacing--20);margin-bottom:var(--wp--preset--spacing--20);margin-left:var(--wp--preset--spacing--20);padding-top:var(--wp--preset--spacing--20);padding-right:var(--wp--preset--spacing--20);padding-bottom:var(--wp--preset--spacing--20);padding-left:var(--wp--preset--spacing--20)\"><strong>17:00<\/strong> <em>De Dieter Lumpen a Corto Malt\u00e9s<\/em>. conversa\u00e7\u00e3o entre <strong>Rub\u00e9n Pellejero<\/strong> e <strong>Jes\u00fas Gisbert<\/strong> (Sala EP2)<\/p>\r\n\r\n\r\n\r\n<p class=\"has-ast-global-color-8-color has-text-color has-link-color wp-elements-0815e23a58c7994a82047760325553cd wp-block-paragraph\" style=\"margin-top:var(--wp--preset--spacing--20);margin-right:var(--wp--preset--spacing--20);margin-bottom:var(--wp--preset--spacing--20);margin-left:var(--wp--preset--spacing--20);padding-top:var(--wp--preset--spacing--20);padding-right:var(--wp--preset--spacing--20);padding-bottom:var(--wp--preset--spacing--20);padding-left:var(--wp--preset--spacing--20)\"><strong>18:00<\/strong> <em>Autores espa\u00f1oles en el mercado francobelga hoy<\/em>: Charla com <strong>Montse Mart\u00edn<\/strong>, <strong>Gabor<\/strong>, <strong>Oriol Malet<\/strong> e <strong>Salva Rubio<\/strong> (Sala EP2)<\/p>\r\n\r\n\r\n\r\n<p class=\"has-ast-global-color-7-color has-text-color has-link-color wp-elements-dcdd8b951e500a4980b1f35b97655765 wp-block-paragraph\" style=\"margin-top:var(--wp--preset--spacing--20);margin-right:var(--wp--preset--spacing--20);margin-bottom:var(--wp--preset--spacing--20);margin-left:var(--wp--preset--spacing--20);padding-top:var(--wp--preset--spacing--20);padding-right:var(--wp--preset--spacing--20);padding-bottom:var(--wp--preset--spacing--20);padding-left:var(--wp--preset--spacing--20)\"><strong>19:00<\/strong> Sesi\u00f3n de firmas com los autores presentes (Sala EP2)<\/p>\r\n<\/div>\r\n<\/div>\r\n<\/div><\/div>\r\n<\/div>\r\n<\/div>\r\n","protected":false},"excerpt":{"rendered":"","protected":false},"author":1,"featured_media":0,"parent":0,"menu_order":0,"comment_status":"closed","ping_status":"closed","template":"","meta":{"_crdt_document":"","site-sidebar-layout":"default","site-content-layout":"","ast-site-content-layout":"default","site-content-style":"default","site-sidebar-style":"default","ast-global-header-display":"","ast-banner-title-visibility":"","ast-main-header-display":"","ast-hfb-above-header-display":"","ast-hfb-below-header-display":"","ast-hfb-mobile-header-display":"","site-post-title":"","ast-breadcrumbs-content":"","ast-featured-img":"","footer-sml-layout":"","ast-disable-related-posts":"","theme-transparent-header-meta":"default","adv-header-id-meta":"","stick-header-meta":"","header-above-stick-meta":"","header-main-stick-meta":"","header-below-stick-meta":"","astra-migrate-meta-layouts":"set","ast-page-background-enabled":"default","ast-page-background-meta":{"desktop":{"background-color":"var(--ast-global-color-4)","background-image":"","background-repeat":"repeat","background-position":"center center","background-size":"auto","background-attachment":"scroll","background-type":"","background-media":"","overlay-type":"","overlay-color":"","overlay-opacity":"","overlay-gradient":""},"tablet":{"background-color":"","background-image":"","background-repeat":"repeat","background-position":"center center","background-size":"auto","background-attachment":"scroll","background-type":"","background-media":"","overlay-type":"","overlay-color":"","overlay-opacity":"","overlay-gradient":""},"mobile":{"background-color":"","background-image":"","background-repeat":"repeat","background-position":"center center","background-size":"auto","background-attachment":"scroll","background-type":"","background-media":"","overlay-type":"","overlay-color":"","overlay-opacity":"","overlay-gradient":""}},"ast-content-background-meta":{"desktop":{"background-color":"var(--ast-global-color-5)","background-image":"","background-repeat":"repeat","background-position":"center center","background-size":"auto","background-attachment":"scroll","background-type":"","background-media":"","overlay-type":"","overlay-color":"","overlay-opacity":"","overlay-gradient":""},"tablet":{"background-color":"var(--ast-global-color-5)","background-image":"","background-repeat":"repeat","background-position":"center center","background-size":"auto","background-attachment":"scroll","background-type":"","background-media":"","overlay-type":"","overlay-color":"","overlay-opacity":"","overlay-gradient":""},"mobile":{"background-color":"var(--ast-global-color-5)","background-image":"","background-repeat":"repeat","background-position":"center center","background-size":"auto","background-attachment":"scroll","background-type":"","background-media":"","overlay-type":"","overlay-color":"","overlay-opacity":"","overlay-gradient":""}},"footnotes":""},"class_list":["post-221","page","type-page","status-publish","hentry"],"_links":{"self":[{"href":"https:\/\/www.hispacomic.eu\/pt-pt\/wp-json\/wp\/v2\/pages\/221","targetHints":{"allow":["GET"]}}],"collection":[{"href":"https:\/\/www.hispacomic.eu\/pt-pt\/wp-json\/wp\/v2\/pages"}],"about":[{"href":"https:\/\/www.hispacomic.eu\/pt-pt\/wp-json\/wp\/v2\/types\/page"}],"author":[{"embeddable":true,"href":"https:\/\/www.hispacomic.eu\/pt-pt\/wp-json\/wp\/v2\/users\/1"}],"replies":[{"embeddable":true,"href":"https:\/\/www.hispacomic.eu\/pt-pt\/wp-json\/wp\/v2\/comments?post=221"}],"version-history":[{"count":25,"href":"https:\/\/www.hispacomic.eu\/pt-pt\/wp-json\/wp\/v2\/pages\/221\/revisions"}],"predecessor-version":[{"id":423,"href":"https:\/\/www.hispacomic.eu\/pt-pt\/wp-json\/wp\/v2\/pages\/221\/revisions\/423"}],"wp:attachment":[{"href":"https:\/\/www.hispacomic.eu\/pt-pt\/wp-json\/wp\/v2\/media?parent=221"}],"curies":[{"name":"wp","href":"https:\/\/api.w.org\/{rel}","templated":true}]}}